{"id":16,"date":"2019-10-23T08:57:49","date_gmt":"2019-10-23T08:57:49","guid":{"rendered":"http:\/\/vidrierasconrado.com\/?page_id=16"},"modified":"2020-11-15T08:07:39","modified_gmt":"2020-11-15T08:07:39","slug":"vidrieras","status":"publish","type":"page","link":"https:\/\/vidrierasconrado.com\/?page_id=16","title":{"rendered":"Vidrieras"},"content":{"rendered":"\n\n\n<figure class=\"wp-block-image\"><img loading=\"lazy\" decoding=\"async\" width=\"1024\" height=\"1024\" src=\"https:\/\/vidrierasconrado.com\/wp-content\/uploads\/2020\/11\/IMG_20201026_093628_598-1024x1024.jpg\" alt=\"\" class=\"wp-image-394\" srcset=\"https:\/\/vidrierasconrado.com\/wp-content\/uploads\/2020\/11\/IMG_20201026_093628_598-1024x1024.jpg 1024w, https:\/\/vidrierasconrado.com\/wp-content\/uploads\/2020\/11\/IMG_20201026_093628_598-150x150.jpg 150w, https:\/\/vidrierasconrado.com\/wp-content\/uploads\/2020\/11\/IMG_20201026_093628_598-300x300.jpg 300w, https:\/\/vidrierasconrado.com\/wp-content\/uploads\/2020\/11\/IMG_20201026_093628_598-768x768.jpg 768w, https:\/\/vidrierasconrado.com\/wp-content\/uploads\/2020\/11\/IMG_20201026_093628_598-250x250.jpg 250w, https:\/\/vidrierasconrado.com\/wp-content\/uploads\/2020\/11\/IMG_20201026_093628_598-174x174.jpg 174w, https:\/\/vidrierasconrado.com\/wp-content\/uploads\/2020\/11\/IMG_20201026_093628_598-600x600.jpg 600w, https:\/\/vidrierasconrado.com\/wp-content\/uploads\/2020\/11\/IMG_20201026_093628_598-100x100.jpg 100w\" sizes=\"auto, (max-width: 1024px) 100vw, 1024px\" \/><figcaption>Ya el color de los esmaltes van haciendo que la vidriera coja fuerza.<\/figcaption><\/figure>\n\n\n\n<figure class=\"wp-block-image\"><img loading=\"lazy\" decoding=\"async\" width=\"1024\" height=\"1024\" src=\"https:\/\/vidrierasconrado.com\/wp-content\/uploads\/2020\/11\/IMG_20201026_092511_501-1024x1024.jpg\" alt=\"\" class=\"wp-image-392\" srcset=\"https:\/\/vidrierasconrado.com\/wp-content\/uploads\/2020\/11\/IMG_20201026_092511_501-1024x1024.jpg 1024w, https:\/\/vidrierasconrado.com\/wp-content\/uploads\/2020\/11\/IMG_20201026_092511_501-150x150.jpg 150w, https:\/\/vidrierasconrado.com\/wp-content\/uploads\/2020\/11\/IMG_20201026_092511_501-300x300.jpg 300w, https:\/\/vidrierasconrado.com\/wp-content\/uploads\/2020\/11\/IMG_20201026_092511_501-768x768.jpg 768w, https:\/\/vidrierasconrado.com\/wp-content\/uploads\/2020\/11\/IMG_20201026_092511_501-250x250.jpg 250w, https:\/\/vidrierasconrado.com\/wp-content\/uploads\/2020\/11\/IMG_20201026_092511_501-174x174.jpg 174w, https:\/\/vidrierasconrado.com\/wp-content\/uploads\/2020\/11\/IMG_20201026_092511_501-600x600.jpg 600w, https:\/\/vidrierasconrado.com\/wp-content\/uploads\/2020\/11\/IMG_20201026_092511_501-100x100.jpg 100w\" sizes=\"auto, (max-width: 1024px) 100vw, 1024px\" \/><figcaption>La cara ya la estoy preparando para la tercera y \u00faltima cocci\u00f3n. Le he vuelto a reforzar el sombreado y por la parte posterior del vidrio le he dado los esmaltes, amarillo en el pelo, azul en los ojos y marr\u00f3n rojizo en los labios.<\/figcaption><\/figure>\n\n\n\n<figure class=\"wp-block-image\"><img loading=\"lazy\" decoding=\"async\" width=\"768\" height=\"1024\" src=\"https:\/\/vidrierasconrado.com\/wp-content\/uploads\/2020\/11\/IMG_20201021_100355-768x1024.jpg\" alt=\"\" class=\"wp-image-390\" srcset=\"https:\/\/vidrierasconrado.com\/wp-content\/uploads\/2020\/11\/IMG_20201021_100355-768x1024.jpg 768w, https:\/\/vidrierasconrado.com\/wp-content\/uploads\/2020\/11\/IMG_20201021_100355-225x300.jpg 225w, https:\/\/vidrierasconrado.com\/wp-content\/uploads\/2020\/11\/IMG_20201021_100355-600x800.jpg 600w\" sizes=\"auto, (max-width: 768px) 100vw, 768px\" \/><figcaption>Las capas de pintura de vidrio (grisallas) son muy delicadas de hacer y lleva un proceso lento, Se van dando capas y se van cociendo las piezas. Cuando salen del horno hay que volver a hacer el mismo proceso para que las sombras y texturas vayan cogiendo fuerza.<br>Si os fij\u00e1is  en la cara  comparada con la de abajo ya est\u00e1 con mas fuerza, es la segunda cocci\u00f3n<\/figcaption><\/figure>\n\n\n\n<figure class=\"wp-block-image\"><img loading=\"lazy\" decoding=\"async\" width=\"768\" height=\"1024\" src=\"https:\/\/vidrierasconrado.com\/wp-content\/uploads\/2020\/11\/IMG_20201020_094947-768x1024.jpg\" alt=\"\" class=\"wp-image-388\" srcset=\"https:\/\/vidrierasconrado.com\/wp-content\/uploads\/2020\/11\/IMG_20201020_094947-768x1024.jpg 768w, https:\/\/vidrierasconrado.com\/wp-content\/uploads\/2020\/11\/IMG_20201020_094947-225x300.jpg 225w, https:\/\/vidrierasconrado.com\/wp-content\/uploads\/2020\/11\/IMG_20201020_094947-600x800.jpg 600w\" sizes=\"auto, (max-width: 768px) 100vw, 768px\" \/><figcaption>Este es uno de los primeros pasos para la realizaci\u00f3n de una pieza pintada,<br>Una vez que se ha contorneado la cara,  se le da una ligera capa de pintura de vidrio (grisalla) y se va rascando con pinceles esa capa para as\u00ed  sacarle las luces.<br>Este es el proceso que estoy haciendo en la foto-<\/figcaption><\/figure>\n\n\n\n<p>En la iglesia de Carboneras de Guadaza\u00f3n. Las pint\u00e9 y las montamos con la colaboraci\u00f3n de mis alumnas del taller de vidrieras donde les doy clase.<\/p>\n\n\n\n<ul class=\"wp-block-gallery columns-4 is-cropped wp-block-gallery-1 is-layout-flex wp-block-gallery-is-layout-flex\"><li class=\"blocks-gallery-item\"><figure><img loading=\"lazy\" decoding=\"async\" width=\"288\" height=\"512\" src=\"http:\/\/vidrierasconrado.com\/wp-content\/uploads\/2019\/10\/1498887019996.jpg\" alt=\"\" data-id=\"149\" data-link=\"http:\/\/vidrierasconrado.com\/?attachment_id=149\" class=\"wp-image-149\" srcset=\"https:\/\/vidrierasconrado.com\/wp-content\/uploads\/2019\/10\/1498887019996.jpg 288w, https:\/\/vidrierasconrado.com\/wp-content\/uploads\/2019\/10\/1498887019996-169x300.jpg 169w\" sizes=\"auto, (max-width: 288px) 100vw, 288px\" \/><\/figure><\/li><li class=\"blocks-gallery-item\"><figure><img loading=\"lazy\" decoding=\"async\" width=\"409\" height=\"495\" src=\"http:\/\/vidrierasconrado.com\/wp-content\/uploads\/2019\/10\/IMG_20170719_203112_145.jpg\" alt=\"\" data-id=\"150\" data-link=\"http:\/\/vidrierasconrado.com\/?attachment_id=150\" class=\"wp-image-150\" srcset=\"https:\/\/vidrierasconrado.com\/wp-content\/uploads\/2019\/10\/IMG_20170719_203112_145.jpg 409w, https:\/\/vidrierasconrado.com\/wp-content\/uploads\/2019\/10\/IMG_20170719_203112_145-248x300.jpg 248w\" sizes=\"auto, (max-width: 409px) 100vw, 409px\" \/><\/figure><\/li><li class=\"blocks-gallery-item\"><figure><img loading=\"lazy\" decoding=\"async\" width=\"500\" height=\"674\" src=\"http:\/\/vidrierasconrado.com\/wp-content\/uploads\/2019\/10\/IMG_20180130_093933.jpg\" alt=\"\" data-id=\"151\" data-link=\"http:\/\/vidrierasconrado.com\/?attachment_id=151\" class=\"wp-image-151\" srcset=\"https:\/\/vidrierasconrado.com\/wp-content\/uploads\/2019\/10\/IMG_20180130_093933.jpg 500w, https:\/\/vidrierasconrado.com\/wp-content\/uploads\/2019\/10\/IMG_20180130_093933-223x300.jpg 223w\" sizes=\"auto, (max-width: 500px) 100vw, 500px\" \/><\/figure><\/li><li class=\"blocks-gallery-item\"><figure><img loading=\"lazy\" decoding=\"async\" width=\"500\" height=\"781\" src=\"http:\/\/vidrierasconrado.com\/wp-content\/uploads\/2019\/10\/IMG_20180131_080701.jpg\" alt=\"\" data-id=\"152\" data-link=\"http:\/\/vidrierasconrado.com\/?attachment_id=152\" class=\"wp-image-152\" srcset=\"https:\/\/vidrierasconrado.com\/wp-content\/uploads\/2019\/10\/IMG_20180131_080701.jpg 500w, https:\/\/vidrierasconrado.com\/wp-content\/uploads\/2019\/10\/IMG_20180131_080701-192x300.jpg 192w\" sizes=\"auto, (max-width: 500px) 100vw, 500px\" \/><\/figure><\/li><\/ul>\n\n\n\n<p><\/p>\n\n\n\n<p>Vidrieras para la Iglesia de San Jos\u00e9 (Cuenca) de Estilo Bizantino.<\/p>\n\n\n\n<ul class=\"wp-block-gallery aligncenter columns-2 wp-block-gallery-2 is-layout-flex wp-block-gallery-is-layout-flex\"><li class=\"blocks-gallery-item\"><figure><img loading=\"lazy\" decoding=\"async\" width=\"267\" height=\"500\" src=\"http:\/\/vidrierasconrado.com\/wp-content\/uploads\/2019\/10\/San-Jose2-5.jpg\" alt=\"\" data-id=\"169\" data-link=\"http:\/\/vidrierasconrado.com\/?attachment_id=169\" class=\"wp-image-169\" srcset=\"https:\/\/vidrierasconrado.com\/wp-content\/uploads\/2019\/10\/San-Jose2-5.jpg 267w, https:\/\/vidrierasconrado.com\/wp-content\/uploads\/2019\/10\/San-Jose2-5-160x300.jpg 160w\" sizes=\"auto, (max-width: 267px) 100vw, 267px\" \/><\/figure><\/li><li class=\"blocks-gallery-item\"><figure><img loading=\"lazy\" decoding=\"async\" width=\"255\" height=\"500\" src=\"http:\/\/vidrierasconrado.com\/wp-content\/uploads\/2019\/10\/San-Jose3-5.jpg\" alt=\"\" data-id=\"170\" data-link=\"http:\/\/vidrierasconrado.com\/?attachment_id=170\" class=\"wp-image-170\" srcset=\"https:\/\/vidrierasconrado.com\/wp-content\/uploads\/2019\/10\/San-Jose3-5.jpg 255w, https:\/\/vidrierasconrado.com\/wp-content\/uploads\/2019\/10\/San-Jose3-5-153x300.jpg 153w\" sizes=\"auto, (max-width: 255px) 100vw, 255px\" \/><\/figure><\/li><li class=\"blocks-gallery-item\"><figure><img loading=\"lazy\" decoding=\"async\" width=\"212\" height=\"1024\" src=\"http:\/\/vidrierasconrado.com\/wp-content\/uploads\/2019\/10\/San-Jose1-4-212x1024.jpg\" alt=\"\" data-id=\"171\" data-link=\"http:\/\/vidrierasconrado.com\/?attachment_id=171\" class=\"wp-image-171\" srcset=\"https:\/\/vidrierasconrado.com\/wp-content\/uploads\/2019\/10\/San-Jose1-4-212x1024.jpg 212w, https:\/\/vidrierasconrado.com\/wp-content\/uploads\/2019\/10\/San-Jose1-4-62x300.jpg 62w\" sizes=\"auto, (max-width: 212px) 100vw, 212px\" \/><\/figure><\/li><\/ul>\n\n\n\n<p><\/p>\n\n\n\n<p>Im\u00e1genes que hice para la Hermandad de Mar\u00eda en Cuevas del Almanzora  Almer\u00eda. <\/p>\n\n\n\n<ul class=\"wp-block-gallery aligncenter columns-2 is-cropped wp-block-gallery-3 is-layout-flex wp-block-gallery-is-layout-flex\"><li class=\"blocks-gallery-item\"><figure><img loading=\"lazy\" decoding=\"async\" width=\"375\" height=\"500\" src=\"http:\/\/vidrierasconrado.com\/wp-content\/uploads\/2019\/10\/IMG_2109-1.jpg\" alt=\"\" data-id=\"181\" data-link=\"http:\/\/vidrierasconrado.com\/?attachment_id=181\" class=\"wp-image-181\" srcset=\"https:\/\/vidrierasconrado.com\/wp-content\/uploads\/2019\/10\/IMG_2109-1.jpg 375w, https:\/\/vidrierasconrado.com\/wp-content\/uploads\/2019\/10\/IMG_2109-1-225x300.jpg 225w\" sizes=\"auto, (max-width: 375px) 100vw, 375px\" \/><\/figure><\/li><li class=\"blocks-gallery-item\"><figure><img loading=\"lazy\" decoding=\"async\" width=\"480\" height=\"640\" src=\"http:\/\/vidrierasconrado.com\/wp-content\/uploads\/2019\/10\/IMG_2137-2.jpg\" alt=\"\" data-id=\"182\" data-link=\"http:\/\/vidrierasconrado.com\/?attachment_id=182\" class=\"wp-image-182\" srcset=\"https:\/\/vidrierasconrado.com\/wp-content\/uploads\/2019\/10\/IMG_2137-2.jpg 480w, https:\/\/vidrierasconrado.com\/wp-content\/uploads\/2019\/10\/IMG_2137-2-225x300.jpg 225w\" sizes=\"auto, (max-width: 480px) 100vw, 480px\" \/><\/figure><\/li><\/ul>\n\n\n\n<ul class=\"wp-block-gallery columns-4 is-cropped wp-block-gallery-4 is-layout-flex wp-block-gallery-is-layout-flex\"><li class=\"blocks-gallery-item\"><figure><img loading=\"lazy\" decoding=\"async\" width=\"440\" height=\"523\" src=\"http:\/\/vidrierasconrado.com\/wp-content\/uploads\/2019\/10\/IMG_2057.jpg\" alt=\"\" data-id=\"176\" data-link=\"http:\/\/vidrierasconrado.com\/?attachment_id=176\" class=\"wp-image-176\" srcset=\"https:\/\/vidrierasconrado.com\/wp-content\/uploads\/2019\/10\/IMG_2057.jpg 440w, https:\/\/vidrierasconrado.com\/wp-content\/uploads\/2019\/10\/IMG_2057-252x300.jpg 252w\" sizes=\"auto, (max-width: 440px) 100vw, 440px\" \/><\/figure><\/li><li class=\"blocks-gallery-item\"><figure><img loading=\"lazy\" decoding=\"async\" width=\"500\" height=\"667\" src=\"http:\/\/vidrierasconrado.com\/wp-content\/uploads\/2019\/10\/IMG_2105-1.jpg\" alt=\"\" data-id=\"177\" data-link=\"http:\/\/vidrierasconrado.com\/?attachment_id=177\" class=\"wp-image-177\" srcset=\"https:\/\/vidrierasconrado.com\/wp-content\/uploads\/2019\/10\/IMG_2105-1.jpg 500w, https:\/\/vidrierasconrado.com\/wp-content\/uploads\/2019\/10\/IMG_2105-1-225x300.jpg 225w\" sizes=\"auto, (max-width: 500px) 100vw, 500px\" \/><\/figure><\/li><li class=\"blocks-gallery-item\"><figure><img loading=\"lazy\" decoding=\"async\" width=\"500\" height=\"667\" src=\"http:\/\/vidrierasconrado.com\/wp-content\/uploads\/2019\/10\/IMG_2117.jpg\" alt=\"\" data-id=\"178\" data-link=\"http:\/\/vidrierasconrado.com\/?attachment_id=178\" class=\"wp-image-178\" srcset=\"https:\/\/vidrierasconrado.com\/wp-content\/uploads\/2019\/10\/IMG_2117.jpg 500w, https:\/\/vidrierasconrado.com\/wp-content\/uploads\/2019\/10\/IMG_2117-225x300.jpg 225w\" sizes=\"auto, (max-width: 500px) 100vw, 500px\" \/><\/figure><\/li><li class=\"blocks-gallery-item\"><figure><img loading=\"lazy\" decoding=\"async\" width=\"480\" height=\"640\" src=\"http:\/\/vidrierasconrado.com\/wp-content\/uploads\/2019\/10\/IMG_2137.jpg\" alt=\"\" data-id=\"179\" data-link=\"http:\/\/vidrierasconrado.com\/?attachment_id=179\" class=\"wp-image-179\" srcset=\"https:\/\/vidrierasconrado.com\/wp-content\/uploads\/2019\/10\/IMG_2137.jpg 480w, https:\/\/vidrierasconrado.com\/wp-content\/uploads\/2019\/10\/IMG_2137-225x300.jpg 225w\" sizes=\"auto, (max-width: 480px) 100vw, 480px\" \/><\/figure><\/li><\/ul>\n\n\n\n<p>Para la capilla del cementerio de Albacete.<\/p>\n\n\n\n<ul class=\"wp-block-gallery aligncenter columns-2 wp-block-gallery-5 is-layout-flex wp-block-gallery-is-layout-flex\"><li class=\"blocks-gallery-item\"><figure><img loading=\"lazy\" decoding=\"async\" width=\"248\" height=\"500\" src=\"http:\/\/vidrierasconrado.com\/wp-content\/uploads\/2019\/10\/IMG_1417.jpg\" alt=\"\" data-id=\"185\" data-link=\"http:\/\/vidrierasconrado.com\/?attachment_id=185\" class=\"wp-image-185\" srcset=\"https:\/\/vidrierasconrado.com\/wp-content\/uploads\/2019\/10\/IMG_1417.jpg 248w, https:\/\/vidrierasconrado.com\/wp-content\/uploads\/2019\/10\/IMG_1417-149x300.jpg 149w\" sizes=\"auto, (max-width: 248px) 100vw, 248px\" \/><\/figure><\/li><li class=\"blocks-gallery-item\"><figure><img loading=\"lazy\" decoding=\"async\" width=\"244\" height=\"500\" src=\"http:\/\/vidrierasconrado.com\/wp-content\/uploads\/2019\/10\/IMG_1418.jpg\" alt=\"\" data-id=\"186\" data-link=\"http:\/\/vidrierasconrado.com\/?attachment_id=186\" class=\"wp-image-186\" srcset=\"https:\/\/vidrierasconrado.com\/wp-content\/uploads\/2019\/10\/IMG_1418.jpg 244w, https:\/\/vidrierasconrado.com\/wp-content\/uploads\/2019\/10\/IMG_1418-146x300.jpg 146w\" sizes=\"auto, (max-width: 244px) 100vw, 244px\" \/><\/figure><\/li><li class=\"blocks-gallery-item\"><figure><img loading=\"lazy\" decoding=\"async\" width=\"214\" height=\"500\" src=\"http:\/\/vidrierasconrado.com\/wp-content\/uploads\/2019\/10\/IMG_1421.jpg\" alt=\"\" data-id=\"187\" data-link=\"http:\/\/vidrierasconrado.com\/?attachment_id=187\" class=\"wp-image-187\" srcset=\"https:\/\/vidrierasconrado.com\/wp-content\/uploads\/2019\/10\/IMG_1421.jpg 214w, https:\/\/vidrierasconrado.com\/wp-content\/uploads\/2019\/10\/IMG_1421-128x300.jpg 128w\" sizes=\"auto, (max-width: 214px) 100vw, 214px\" \/><\/figure><\/li><li class=\"blocks-gallery-item\"><figure><img loading=\"lazy\" decoding=\"async\" width=\"211\" height=\"500\" src=\"http:\/\/vidrierasconrado.com\/wp-content\/uploads\/2019\/10\/IMG_1424.jpg\" alt=\"\" data-id=\"188\" data-link=\"http:\/\/vidrierasconrado.com\/?attachment_id=188\" class=\"wp-image-188\" srcset=\"https:\/\/vidrierasconrado.com\/wp-content\/uploads\/2019\/10\/IMG_1424.jpg 211w, https:\/\/vidrierasconrado.com\/wp-content\/uploads\/2019\/10\/IMG_1424-127x300.jpg 127w\" sizes=\"auto, (max-width: 211px) 100vw, 211px\" \/><\/figure><\/li><li class=\"blocks-gallery-item\"><figure><img loading=\"lazy\" decoding=\"async\" width=\"500\" height=\"667\" src=\"http:\/\/vidrierasconrado.com\/wp-content\/uploads\/2019\/10\/21042010689.jpg\" alt=\"\" data-id=\"189\" data-link=\"http:\/\/vidrierasconrado.com\/?attachment_id=189\" class=\"wp-image-189\" srcset=\"https:\/\/vidrierasconrado.com\/wp-content\/uploads\/2019\/10\/21042010689.jpg 500w, https:\/\/vidrierasconrado.com\/wp-content\/uploads\/2019\/10\/21042010689-225x300.jpg 225w\" sizes=\"auto, (max-width: 500px) 100vw, 500px\" \/><\/figure><\/li><\/ul>\n\n\n\n<p>Real Monasterio de Santa Mar\u00eda de Guadalupe (C\u00e1ceres)<\/p>\n\n\n\n<ul class=\"wp-block-gallery aligncenter columns-1 wp-block-gallery-6 is-layout-flex wp-block-gallery-is-layout-flex\"><li class=\"blocks-gallery-item\"><figure><img loading=\"lazy\" decoding=\"async\" width=\"326\" height=\"500\" src=\"http:\/\/vidrierasconrado.com\/wp-content\/uploads\/2019\/10\/PICT0474.jpg\" alt=\"\" data-id=\"191\" data-link=\"http:\/\/vidrierasconrado.com\/?attachment_id=191\" class=\"wp-image-191\" srcset=\"https:\/\/vidrierasconrado.com\/wp-content\/uploads\/2019\/10\/PICT0474.jpg 326w, https:\/\/vidrierasconrado.com\/wp-content\/uploads\/2019\/10\/PICT0474-196x300.jpg 196w\" sizes=\"auto, (max-width: 326px) 100vw, 326px\" \/><\/figure><\/li><\/ul>\n\n\n\n<p>Vidrieras geom\u00e9tricas para la capilla del colegio de Santo Domingo, en Villanueva de Castell\u00f3n (Valencia)<\/p>\n\n\n\n<ul class=\"wp-block-gallery columns-1 wp-block-gallery-7 is-layout-flex wp-block-gallery-is-layout-flex\"><li class=\"blocks-gallery-item\"><figure><img loading=\"lazy\" decoding=\"async\" width=\"800\" height=\"600\" src=\"http:\/\/vidrierasconrado.com\/wp-content\/uploads\/2019\/10\/Villanueva-Castello2.jpg\" alt=\"\" data-id=\"193\" data-link=\"http:\/\/vidrierasconrado.com\/?attachment_id=193\" class=\"wp-image-193\" srcset=\"https:\/\/vidrierasconrado.com\/wp-content\/uploads\/2019\/10\/Villanueva-Castello2.jpg 800w, https:\/\/vidrierasconrado.com\/wp-content\/uploads\/2019\/10\/Villanueva-Castello2-300x225.jpg 300w, https:\/\/vidrierasconrado.com\/wp-content\/uploads\/2019\/10\/Villanueva-Castello2-768x576.jpg 768w, https:\/\/vidrierasconrado.com\/wp-content\/uploads\/2019\/10\/Villanueva-Castello2-285x214.jpg 285w, https:\/\/vidrierasconrado.com\/wp-content\/uploads\/2019\/10\/Villanueva-Castello2-600x450.jpg 600w\" sizes=\"auto, (max-width: 800px) 100vw, 800px\" \/><\/figure><\/li><\/ul>\n","protected":false},"excerpt":{"rendered":"<p>En la iglesia de Carboneras de Guadaza\u00f3n. Las pint\u00e9 y las montamos con la colaboraci\u00f3n de mis alumnas del taller de vidrieras donde les doy clase. Vidrieras para la Iglesia de San Jos\u00e9 (Cuenca) de Estilo Bizantino. Im\u00e1genes que hice para la Hermandad de Mar\u00eda en Cuevas del Almanzora Almer\u00eda. Para la capilla del cementerio <a href=\"https:\/\/vidrierasconrado.com\/?page_id=16\" rel=\"nofollow\"><span class=\"sr-only\">Leer m\u00e1sVidrieras<\/span>[&hellip;]<\/a><\/p>\n","protected":false},"author":1,"featured_media":0,"parent":0,"menu_order":0,"comment_status":"open","ping_status":"closed","template":"","meta":{"footnotes":""},"class_list":["post-16","page","type-page","status-publish","hentry"],"_links":{"self":[{"href":"https:\/\/vidrierasconrado.com\/index.php?rest_route=\/wp\/v2\/pages\/16","targetHints":{"allow":["GET"]}}],"collection":[{"href":"https:\/\/vidrierasconrado.com\/index.php?rest_route=\/wp\/v2\/pages"}],"about":[{"href":"https:\/\/vidrierasconrado.com\/index.php?rest_route=\/wp\/v2\/types\/page"}],"author":[{"embeddable":true,"href":"https:\/\/vidrierasconrado.com\/index.php?rest_route=\/wp\/v2\/users\/1"}],"replies":[{"embeddable":true,"href":"https:\/\/vidrierasconrado.com\/index.php?rest_route=%2Fwp%2Fv2%2Fcomments&post=16"}],"version-history":[{"count":25,"href":"https:\/\/vidrierasconrado.com\/index.php?rest_route=\/wp\/v2\/pages\/16\/revisions"}],"predecessor-version":[{"id":396,"href":"https:\/\/vidrierasconrado.com\/index.php?rest_route=\/wp\/v2\/pages\/16\/revisions\/396"}],"wp:attachment":[{"href":"https:\/\/vidrierasconrado.com\/index.php?rest_route=%2Fwp%2Fv2%2Fmedia&parent=16"}],"curies":[{"name":"wp","href":"https:\/\/api.w.org\/{rel}","templated":true}]}}